{"id":84,"date":"2026-01-12T22:38:36","date_gmt":"2026-01-13T01:38:36","guid":{"rendered":"https:\/\/redem.c3sl.ufpr.br\/blog\/?page_id=84"},"modified":"2026-01-12T23:07:01","modified_gmt":"2026-01-13T02:07:01","slug":"publicacoes","status":"publish","type":"page","link":"https:\/\/redem.c3sl.ufpr.br\/blog\/index.php\/publicacoes\/","title":{"rendered":"Publica\u00e7\u00f5es"},"content":{"rendered":"<form role=\"search\" method=\"get\" action=\"https:\/\/redem.c3sl.ufpr.br\/blog\/\" class=\"wp-block-search__button-outside wp-block-search__text-button wp-block-search\"    ><label class=\"wp-block-search__label\" for=\"wp-block-search__input-1\" >Pesquisar<\/label><div class=\"wp-block-search__inside-wrapper\" ><input class=\"wp-block-search__input\" id=\"wp-block-search__input-1\" placeholder=\"\" value=\"\" type=\"search\" name=\"s\" required \/><button aria-label=\"Pesquisar\" class=\"wp-block-search__button wp-element-button\" type=\"submit\" >Pesquisar<\/button><\/div><\/form>\n\n\n<div class=\"wp-block-group has-global-padding is-layout-constrained wp-block-group-is-layout-constrained\" style=\"padding-top:var(--wp--preset--spacing--50);padding-bottom:var(--wp--preset--spacing--50)\">\n<div class=\"wp-block-query is-layout-flow wp-block-query-is-layout-flow\"><ul class=\"wp-block-post-template is-layout-flow wp-block-post-template-is-layout-flow\"><li class=\"wp-block-post post-249 post type-post status-publish format-standard has-post-thumbnail hentry category-sem-categoria\">\n\n<div class=\"wp-block-columns alignwide is-layout-flex wp-container-core-columns-is-layout-28f84493 wp-block-columns-is-layout-flex\">\n<div class=\"wp-block-column is-layout-flow wp-block-column-is-layout-flow\" style=\"flex-basis:66.66%\"><figure class=\"wp-block-post-featured-image\"><a href=\"https:\/\/redem.c3sl.ufpr.br\/blog\/index.php\/2026\/04\/22\/por-que-a-esquerda-vence-no-planalto-mas-perde-territorio-no-legislativo-uma-analise-a-partir-da-geografia-do-voto\/\" target=\"_self\"  ><img loading=\"lazy\" decoding=\"async\" width=\"750\" height=\"500\" src=\"https:\/\/redem.c3sl.ufpr.br\/blog\/wp-content\/uploads\/2026\/04\/image-4.png\" class=\"attachment-post-thumbnail size-post-thumbnail wp-post-image\" alt=\"Por que a esquerda vence no Planalto, mas perde territ\u00f3rio no Legislativo? Uma an\u00e1lise a partir da geografia do voto\" style=\"object-fit:cover;\" srcset=\"https:\/\/redem.c3sl.ufpr.br\/blog\/wp-content\/uploads\/2026\/04\/image-4.png 750w, https:\/\/redem.c3sl.ufpr.br\/blog\/wp-content\/uploads\/2026\/04\/image-4-300x200.png 300w\" sizes=\"auto, (max-width: 750px) 100vw, 750px\" \/><\/a><\/figure><\/div>\n\n\n\n<div class=\"wp-block-column is-layout-flow wp-block-column-is-layout-flow\" style=\"flex-basis:33.33%\"><h2 class=\"wp-block-post-title\"><a href=\"https:\/\/redem.c3sl.ufpr.br\/blog\/index.php\/2026\/04\/22\/por-que-a-esquerda-vence-no-planalto-mas-perde-territorio-no-legislativo-uma-analise-a-partir-da-geografia-do-voto\/\" target=\"_self\" >Por que a esquerda vence no Planalto, mas perde territ\u00f3rio no Legislativo? Uma an\u00e1lise a partir da geografia do voto<\/a><\/h2>\n\n\n<div class=\"wp-block-group is-nowrap is-layout-flex wp-container-core-group-is-layout-6c531013 wp-block-group-is-layout-flex\"><div class=\"wp-block-post-date\"><time datetime=\"2026-04-22T13:07:09-03:00\">22 de abril de 2026<\/time><\/div><\/div>\n\n\n<div class=\"taxonomy-category wp-block-post-terms\"><a href=\"https:\/\/redem.c3sl.ufpr.br\/blog\/index.php\/category\/sem-categoria\/\" rel=\"tag\">Sem categoria<\/a><\/div>\n\n<div class=\"wp-block-post-excerpt\"><p class=\"wp-block-post-excerpt__excerpt\">Por Jo\u00e3o Marcelo Lima Barra e Nilton Sainz Em um&hellip; <\/p><\/div><\/div>\n<\/div>\n\n<\/li><li class=\"wp-block-post post-239 post type-post status-publish format-standard has-post-thumbnail hentry category-publicacao-continua\">\n\n<div class=\"wp-block-columns alignwide is-layout-flex wp-container-core-columns-is-layout-28f84493 wp-block-columns-is-layout-flex\">\n<div class=\"wp-block-column is-layout-flow wp-block-column-is-layout-flow\" style=\"flex-basis:66.66%\"><figure class=\"wp-block-post-featured-image\"><a href=\"https:\/\/redem.c3sl.ufpr.br\/blog\/index.php\/2026\/04\/10\/o-crescimento-das-candidaturas-indigenas-e-os-limites-da-representacao-politica\/\" target=\"_self\"  ><img loading=\"lazy\" decoding=\"async\" width=\"1170\" height=\"1429\" src=\"https:\/\/redem.c3sl.ufpr.br\/blog\/wp-content\/uploads\/2026\/04\/WhatsApp-Image-2026-04-10-at-17.55.06.jpeg\" class=\"attachment-post-thumbnail size-post-thumbnail wp-post-image\" alt=\"O crescimento das candidaturas ind\u00edgenas e os limites da representa\u00e7\u00e3o pol\u00edtica\" style=\"object-fit:cover;\" srcset=\"https:\/\/redem.c3sl.ufpr.br\/blog\/wp-content\/uploads\/2026\/04\/WhatsApp-Image-2026-04-10-at-17.55.06.jpeg 1170w, https:\/\/redem.c3sl.ufpr.br\/blog\/wp-content\/uploads\/2026\/04\/WhatsApp-Image-2026-04-10-at-17.55.06-246x300.jpeg 246w, https:\/\/redem.c3sl.ufpr.br\/blog\/wp-content\/uploads\/2026\/04\/WhatsApp-Image-2026-04-10-at-17.55.06-838x1024.jpeg 838w, https:\/\/redem.c3sl.ufpr.br\/blog\/wp-content\/uploads\/2026\/04\/WhatsApp-Image-2026-04-10-at-17.55.06-768x938.jpeg 768w\" sizes=\"auto, (max-width: 1170px) 100vw, 1170px\" \/><\/a><\/figure><\/div>\n\n\n\n<div class=\"wp-block-column is-layout-flow wp-block-column-is-layout-flow\" style=\"flex-basis:33.33%\"><h2 class=\"wp-block-post-title\"><a href=\"https:\/\/redem.c3sl.ufpr.br\/blog\/index.php\/2026\/04\/10\/o-crescimento-das-candidaturas-indigenas-e-os-limites-da-representacao-politica\/\" target=\"_self\" >O crescimento das candidaturas ind\u00edgenas e os limites da representa\u00e7\u00e3o pol\u00edtica<\/a><\/h2>\n\n\n<div class=\"wp-block-group is-nowrap is-layout-flex wp-container-core-group-is-layout-6c531013 wp-block-group-is-layout-flex\"><div class=\"wp-block-post-date\"><time datetime=\"2026-04-10T18:18:32-03:00\">10 de abril de 2026<\/time><\/div><\/div>\n\n\n<div class=\"taxonomy-category wp-block-post-terms\"><a href=\"https:\/\/redem.c3sl.ufpr.br\/blog\/index.php\/category\/publicacao-continua\/\" rel=\"tag\">Publica\u00e7\u00e3o cont\u00ednua<\/a><\/div>\n\n<div class=\"wp-block-post-excerpt\"><p class=\"wp-block-post-excerpt__excerpt\">Por Isadora Bortolini e Nilton Sainz O presente ensaio concentra-se&hellip; <\/p><\/div><\/div>\n<\/div>\n\n<\/li><li class=\"wp-block-post post-184 post type-post status-publish format-standard has-post-thumbnail hentry category-publicacao-continua\">\n\n<div class=\"wp-block-columns alignwide is-layout-flex wp-container-core-columns-is-layout-28f84493 wp-block-columns-is-layout-flex\">\n<div class=\"wp-block-column is-layout-flow wp-block-column-is-layout-flow\" style=\"flex-basis:66.66%\"><figure class=\"wp-block-post-featured-image\"><a href=\"https:\/\/redem.c3sl.ufpr.br\/blog\/index.php\/2026\/04\/06\/o-voto-dos-deputados-amotinados-geografia-eleitoral-e-relevancia-parlamentar\/\" target=\"_self\"  ><img loading=\"lazy\" decoding=\"async\" width=\"1000\" height=\"667\" src=\"https:\/\/redem.c3sl.ufpr.br\/blog\/wp-content\/uploads\/2026\/03\/2025-08-05t190803z-605229573-rc261gavxhor-rt.avif\" class=\"attachment-post-thumbnail size-post-thumbnail wp-post-image\" alt=\"O voto dos deputados amotinados? Geografia eleitoral e relev\u00e2ncia parlamentar\" style=\"object-fit:cover;\" \/><\/a><\/figure><\/div>\n\n\n\n<div class=\"wp-block-column is-layout-flow wp-block-column-is-layout-flow\" style=\"flex-basis:33.33%\"><h2 class=\"wp-block-post-title\"><a href=\"https:\/\/redem.c3sl.ufpr.br\/blog\/index.php\/2026\/04\/06\/o-voto-dos-deputados-amotinados-geografia-eleitoral-e-relevancia-parlamentar\/\" target=\"_self\" >O voto dos deputados amotinados? Geografia eleitoral e relev\u00e2ncia parlamentar<\/a><\/h2>\n\n\n<div class=\"wp-block-group is-nowrap is-layout-flex wp-container-core-group-is-layout-6c531013 wp-block-group-is-layout-flex\"><div class=\"wp-block-post-date\"><time datetime=\"2026-04-06T17:10:43-03:00\">6 de abril de 2026<\/time><\/div><\/div>\n\n\n<div class=\"taxonomy-category wp-block-post-terms\"><a href=\"https:\/\/redem.c3sl.ufpr.br\/blog\/index.php\/category\/publicacao-continua\/\" rel=\"tag\">Publica\u00e7\u00e3o cont\u00ednua<\/a><\/div>\n\n<div class=\"wp-block-post-excerpt\"><p class=\"wp-block-post-excerpt__excerpt\">Por Jo\u00e3o Marcelo Lima Barra e Nilton Sainz Em agosto&hellip; <\/p><\/div><\/div>\n<\/div>\n\n<\/li><\/ul>\n\n<nav class=\"wp-block-query-pagination is-content-justification-center is-layout-flex wp-container-core-query-pagination-is-layout-a89b3969 wp-block-query-pagination-is-layout-flex\" aria-label=\"Pagina\u00e7\u00e3o\">\n\n\n<div class=\"wp-block-query-pagination-numbers\"><span aria-current=\"page\" class=\"page-numbers current\">1<\/span>\n<a class=\"page-numbers\" href=\"?query-634-page=2\">2<\/a>\n<a class=\"page-numbers\" href=\"?query-634-page=3\">3<\/a>\n<span class=\"page-numbers dots\">&hellip;<\/span>\n<a class=\"page-numbers\" href=\"?query-634-page=5\">5<\/a><\/div>\n\n<a href=\"\/blog\/index.php\/wp-json\/wp\/v2\/pages\/84?query-634-page=2\" class=\"wp-block-query-pagination-next\">Pr\u00f3xima p\u00e1gina<\/a>\n<\/nav><\/div>\n<\/div>\n","protected":false},"excerpt":{"rendered":"","protected":false},"author":2,"featured_media":0,"parent":0,"menu_order":0,"comment_status":"closed","ping_status":"closed","template":"","meta":{"footnotes":""},"class_list":["post-84","page","type-page","status-publish","hentry"],"_links":{"self":[{"href":"https:\/\/redem.c3sl.ufpr.br\/blog\/index.php\/wp-json\/wp\/v2\/pages\/84","targetHints":{"allow":["GET"]}}],"collection":[{"href":"https:\/\/redem.c3sl.ufpr.br\/blog\/index.php\/wp-json\/wp\/v2\/pages"}],"about":[{"href":"https:\/\/redem.c3sl.ufpr.br\/blog\/index.php\/wp-json\/wp\/v2\/types\/page"}],"author":[{"embeddable":true,"href":"https:\/\/redem.c3sl.ufpr.br\/blog\/index.php\/wp-json\/wp\/v2\/users\/2"}],"replies":[{"embeddable":true,"href":"https:\/\/redem.c3sl.ufpr.br\/blog\/index.php\/wp-json\/wp\/v2\/comments?post=84"}],"version-history":[{"count":16,"href":"https:\/\/redem.c3sl.ufpr.br\/blog\/index.php\/wp-json\/wp\/v2\/pages\/84\/revisions"}],"predecessor-version":[{"id":101,"href":"https:\/\/redem.c3sl.ufpr.br\/blog\/index.php\/wp-json\/wp\/v2\/pages\/84\/revisions\/101"}],"wp:attachment":[{"href":"https:\/\/redem.c3sl.ufpr.br\/blog\/index.php\/wp-json\/wp\/v2\/media?parent=84"}],"curies":[{"name":"wp","href":"https:\/\/api.w.org\/{rel}","templated":true}]}}